{"id":4008,"date":"2025-02-04T15:43:54","date_gmt":"2025-02-04T14:43:54","guid":{"rendered":"https:\/\/www.leier.sk\/?page_id=4008"},"modified":"2025-02-04T15:43:55","modified_gmt":"2025-02-04T14:43:55","slug":"gdpr-poucenie-pre-zakaznikov-predaj-tovaru","status":"publish","type":"page","link":"https:\/\/www.leier.sk\/en\/gdpr-poucenie-pre-zakaznikov-predaj-tovaru\/","title":{"rendered":"GDPR pou\u010denie pre z\u00e1kazn\u00edkov &#8211; predaj tovaru"},"content":{"rendered":"<p><strong>Z\u00e1kladn\u00e9 ot\u00e1zky v&nbsp;s\u00favislosti s&nbsp;poskytovan\u00edm Va\u0161ich osobn\u00fdch \u00fadajov prev\u00e1dzkovate\u013eovi- spolo\u010dnosti Leier Baustoffe SK s.r.o., s\u00eddlom Pribylinsk\u00e1 3, 831 04 Bratislava, I\u010cO: 35 890 509<\/strong><\/p>\n\n\n\n<h2 class=\"wp-block-heading\">1. ot\u00e1zka: Ak\u00e9 s\u00fa identifika\u010dn\u00e9 a\u00a0kontaktn\u00e9 \u00fadaje prev\u00e1dzkovate\u013ea?<\/h2>\n\n\n\n<p>Odpove\u010f:&nbsp; Leier Baustoffe SK s.r.o., s\u00eddlom Pribylinsk\u00e1 3, 831 04 Bratislava, I\u010cO: 35&nbsp;890 509 Kontaktn\u00e9 \u00fadaje: e-mail: <a href=\"mailto:leier@leier.sk\">leier@leier.sk<\/a> tel.: +421 2 431 91&nbsp;751<\/p>\n\n\n\n<h2 class=\"wp-block-heading\">2. ot\u00e1zka: M\u00e1 prev\u00e1dzkovate\u013e pre \u00fa\u010del sprac\u00favania mojich osobn\u00fdch \u00fadajov svojho z\u00e1stupcu?<\/h2>\n\n\n\n<p>Odpove\u010f: Nie, nem\u00e1. Prev\u00e1dzkovate\u013e m\u00e1 s\u00eddlo na \u00fazem\u00ed Slovenskej republiky, teda z\u00e1stupcu nem\u00e1 ustanoven\u00e9ho.&nbsp;<\/p>\n\n\n\n<h2 class=\"wp-block-heading\">3. ot\u00e1zka: M\u00e1 prev\u00e1dzkovate\u013e ur\u010den\u00fa zodpovedn\u00fa osobu?<\/h2>\n\n\n\n<p>Odpove\u010f: Nie nem\u00e1. Prev\u00e1dzkovate\u013eovi tak\u00e1to povinnos\u0165 neplynie&nbsp;<\/p>\n\n\n\n<p>z Nariadenia Eur\u00f3pskeho parlamentu a Rady \u010d. 2016\/679 zo d\u0148a 27. 4. 2016 o ochrane fyzick\u00fdch os\u00f4b v s\u00favislosti so spracovan\u00edm osobn\u00fdch \u00fadajov a o vo\u013enom pohybe t\u00fdchto \u00fadajov a o zru\u0161en\u00ed smernice 95\/46\/ES.<\/p>\n\n\n\n<h2 class=\"wp-block-heading\">4. ot\u00e1zka: Ak\u00fd je \u00fa\u010del sprac\u00favania mojich osobn\u00fdch \u00fadajov a\u00a0pr\u00e1vny z\u00e1klad tohto sprac\u00favania?\u00a0<\/h2>\n\n\n\n<p>Odpove\u010f: Va\u0161e osobn\u00e9 \u00fadaje sprac\u00favame na \u00fa\u010dely: uzatvorenie zmluvy (objedn\u00e1vky), do ktorej vstupujete s&nbsp;prev\u00e1dzkovate\u013eom na z\u00e1klade uskuto\u010dnenia Va\u0161ej objedn\u00e1vky na webovom s\u00eddle www.leier.sk, ktor\u00fd obsahuje osobn\u00e9 \u00fadaje v&nbsp;rozsahu meno, priezvisko&nbsp;adresa, e-mailov\u00e1 adresa a&nbsp;telef\u00f3ne \u010d\u00edsloT. Tento rozsah osobn\u00fdch \u00fadajov je zachyten\u00fd pri identifik\u00e1cii druhej zmluvnej strany prev\u00e1dzkovate\u013ea, ktorou je fyzick\u00e1 osoba. Pr\u00e1vnym z\u00e1kladom pre spracovanie je \u010dl. 6 bod 1. p\u00edsm. b) Nariadenie Eur\u00f3pskeho parlamentu a Rady \u010d. 2016\/679 zo d\u0148a 27. 4. 2016 o ochrane fyzick\u00fdch os\u00f4b v s\u00favislosti so spracovan\u00edm osobn\u00fdch \u00fadajov a o vo\u013enom pohybe t\u00fdchto \u00fadajov a o zru\u0161en\u00ed smernice 95\/46\/ES (\u010falej len \u201eGDPR\u201c).&nbsp;<\/p>\n\n\n\n<h2 class=\"wp-block-heading\">5. ot\u00e1zka: Ak\u00e9 s\u00fa opr\u00e1vnen\u00e9 z\u00e1ujmy prev\u00e1dzkovate\u013ea alebo tretej strany, ak sa osobn\u00e9 \u00fadaje sprac\u00favaj\u00fa na \u00fa\u010del opr\u00e1vnen\u00fdch z\u00e1ujmov prev\u00e1dzkovate\u013ea alebo tretej strany?<\/h2>\n\n\n\n<p>Odpove\u010f: Va\u0161e osobn\u00e9 \u00fadaje sa nesprac\u00favaj\u00fa na \u00fa\u010del opr\u00e1vnen\u00fdch z\u00e1ujmov prev\u00e1dzkovate\u013ea.<\/p>\n\n\n\n<h2 class=\"wp-block-heading\">6. ot\u00e1zka:\u00a0Ak\u00e9 s\u00fa identifika\u010dn\u00e9 \u00fadaje pr\u00edjemcu alebo kateg\u00f3ri\u00ed pr\u00edjemcov, ktor\u00fdm sa moje osobn\u00e9 \u00fadaje poskytuj\u00fa?<\/h2>\n\n\n\n<p>Odpove\u010f: Prev\u00e1dzkovate\u013e Va\u0161e osobn\u00e9 \u00fadaje neposkytuje \u010fal\u0161iemu pr\u00edjemcovi, kateg\u00f3rii pr\u00edjemcov alebo tretej osobe. Va\u0161e osobn\u00e9 \u00fadaje vyu\u017e\u00edva na stanoven\u00fd \u00fa\u010del v\u00fdlu\u010dne prev\u00e1dzkovate\u013e. V\u00fdnimku m\u00f4\u017ee tvori\u0165 plnenie z\u00e1konnej povinnosti vo\u010di org\u00e1nom verejnej moci<\/p>\n\n\n\n<h2 class=\"wp-block-heading\">7. ot\u00e1zka: Zam\u00fd\u0161\u013ea prev\u00e1dzkovate\u013e pren\u00e1\u0161a\u0165 moje osobn\u00e9 \u00fadaje do tretej krajiny alebo do medzin\u00e1rodnej organiz\u00e1cie?<\/h2>\n\n\n\n<p>Odpove\u010f: Nie, Va\u0161e osobn\u00e9 \u00fadaje nebud\u00fa pren\u00e1\u0161an\u00e9 do tretej krajiny alebo medzin\u00e1rodnej organiz\u00e1cie. Va\u0161e osobn\u00e9 \u00fadaje vyu\u017e\u00edva v\u00fdlu\u010dne prev\u00e1dzkovate\u013e a&nbsp;to v&nbsp;rozsahu a&nbsp;stanovenom \u00fa\u010dele, ako to plynie z&nbsp;odpoved\u00ed na ot\u00e1zku \u010d. 4.&nbsp;&nbsp;<\/p>\n\n\n\n<h2 class=\"wp-block-heading\">8. ot\u00e1zka: Ako dlho bud\u00fa moje osobn\u00e9 \u00fadaje uchov\u00e1van\u00e9 u\u00a0prev\u00e1dzkovate\u013ea?<\/h2>\n\n\n\n<p>Odpove\u010f: Va\u0161e osobn\u00e9 \u00fadaje bude prev\u00e1dzkovate\u013e vyu\u017e\u00edva\u0165 na stanoven\u00fd \u00fa\u010del a&nbsp;v&nbsp;ur\u010denom rozsahu do momentu z\u00e1niku vz\u00e1jomn\u00e9ho zmluvn\u00e9ho vz\u0165ahu a&nbsp;po tomto \u010dase po\u010das lehoty ur\u010denej pr\u00e1vnym poriadkom Slovenskej republiky na archiv\u00e1ciu t\u00fdchto \u00fadajov alebo archiv\u00e1ciu dan\u00fdch \u00fa\u010dtov\u00fdch dokladov, kde s\u00fa zachyten\u00e9, pri\u010dom t\u00e1to lehota je najviac 10 rokov do d\u0148a uzatvorenia Zmluvy.&nbsp;<\/p>\n\n\n\n<h2 class=\"wp-block-heading\">9. ot\u00e1zka:\u00a0Ak\u00e9 m\u00e1m ako dotknut\u00e1 osoba, teda osoba, ktorej osobn\u00e9 \u00fadaje sa sprac\u00favaj\u00fa z\u00e1kladn\u00e9 pr\u00e1va?<\/h2>\n\n\n\n<p>Odpove\u010f: Ako dotknut\u00e1 osoba, ktorej osobn\u00e9 \u00fadaje prev\u00e1dzkovate\u013e sprac\u00fava m\u00f4\u017eete kedyko\u013evek tohto po\u017eiada\u0165 o&nbsp;pr\u00edstup k&nbsp;Va\u0161im osobn\u00fdm \u00fadajom, bude V\u00e1m teda ozn\u00e1men\u00e9 ako osobn\u00e9 \u00fadaje o&nbsp;V\u00e1s sprac\u00favame, na ak\u00fd \u00fa\u010del a&nbsp;na akom pr\u00e1vnom z\u00e1klade. Na z\u00edskanie t\u00fdchto inform\u00e1ci\u00ed m\u00f4\u017eete vyu\u017ei\u0165 kontaktn\u00e9 \u00fadaje prev\u00e1dzkovate\u013ea uveden\u00e9 v&nbsp;odpovedi na ot\u00e1zku \u010d. 1. Z\u00e1rove\u0148 m\u00e1te pr\u00e1vo, aby Va\u0161e osobn\u00e9 \u00fadaje boli veden\u00e9 v&nbsp;spr\u00e1vnom zlo\u017een\u00ed a&nbsp;aktu\u00e1lne (pr\u00e1vo na opravu osobn\u00fdch \u00fadajov). Tie\u017e m\u00e1te ako dotknut\u00e1 osoba pr\u00e1vo na vymazanie svojich osobn\u00fdch \u00fadajov, ak zanikol pre prev\u00e1dzkovate\u013ea z\u00e1konn\u00fd d\u00f4vod na ich sprac\u00favanie.&nbsp;<\/p>\n\n\n\n<p>M\u00e1te taktie\u017e pr\u00e1vo na obmedzenie sprac\u00favania Va\u0161ich osobn\u00fdch \u00fadajov, ak:<\/p>\n\n\n\n<ul class=\"wp-block-list\">\n<li>budete namieta\u0165 spr\u00e1vnos\u0165 osobn\u00fdch \u00fadajov, a to po\u010das obdobia umo\u017e\u0148uj\u00faceho prev\u00e1dzkovate\u013eovi overi\u0165 spr\u00e1vnos\u0165 Va\u0161ich osobn\u00fdch \u00fadajov,\u00a0<\/li>\n\n\n\n<li>sprac\u00favanie Va\u0161ich osobn\u00fdch \u00fadajov je nez\u00e1konn\u00e9 a\u00a0 namietate vymazanie osobn\u00fdch \u00fadajov a \u017eiada namiesto toho obmedzenie ich pou\u017eitia,\u00a0<\/li>\n\n\n\n<li>prev\u00e1dzkovate\u013e u\u017e nepotrebuje osobn\u00e9 \u00fadaje na \u00fa\u010del sprac\u00favania Va\u0161ich osobn\u00fdch \u00fadajov, ale potrebujete ich Vy osoba na uplatnenie pr\u00e1vneho n\u00e1roku, alebo\u00a0<\/li>\n\n\n\n<li>dotknut\u00e1 osoba namieta sprac\u00favanie osobn\u00fdch \u00fadajov pod\u013ea\u00a0\u00a7 27 ods. 1, a to a\u017e do overenia, \u010di opr\u00e1vnen\u00e9 d\u00f4vody na strane prev\u00e1dzkovate\u013ea preva\u017euj\u00fa nad opr\u00e1vnen\u00fdmi d\u00f4vodmi V\u00e1s, ako dotknutej osoby.\u00a0<\/li>\n<\/ul>\n\n\n\n<p>Ako dotknut\u00e1 osoba m\u00e1te taktie\u017e pr\u00e1vo namieta\u0165 sprac\u00favanie Va\u0161ich osobn\u00fdch \u00fadajov, \u010do znamen\u00e1, \u017ee m\u00e1te pr\u00e1vo namieta\u0165 sprac\u00favanie osobn\u00fdch \u00fadajov z d\u00f4vodu t\u00fdkaj\u00faceho sa Va\u0161ej konkr\u00e9tnej situ\u00e1cie vykon\u00e1van\u00e9 pod\u013ea&nbsp;\u00a7 13 ods. 1 p\u00edsm. e)&nbsp;alebo p\u00edsm.&nbsp;f)&nbsp;vr\u00e1tane profilovania zalo\u017een\u00e9ho na t\u00fdchto ustanoveniach. Prev\u00e1dzkovate\u013e nesmie \u010falej sprac\u00fava\u0165 Va\u0161e osobn\u00e9 \u00fadaje, ak nepreuk\u00e1\u017ee nevyhnutn\u00e9 opr\u00e1vnen\u00e9 z\u00e1ujmy na sprac\u00favanie Va\u0161ich osobn\u00fdch \u00fadajov, ktor\u00e9 preva\u017euj\u00fa nad Va\u0161imi pr\u00e1vami alebo z\u00e1ujmami, alebo d\u00f4vody na uplatnenie pr\u00e1vneho n\u00e1roku. M\u00e1te taktie\u017e pr\u00e1vo namieta\u0165 sprac\u00favanie osobn\u00fdch \u00fadajov, ktor\u00e9 sa V\u00e1s t\u00fdkaj\u00fa, na \u00fa\u010del priameho marketingu vr\u00e1tane profilovania v rozsahu, v akom s\u00favis\u00ed s priamym marketingom. Ak dotknut\u00e1 osoba namieta sprac\u00favanie osobn\u00fdch \u00fadajov na \u00fa\u010del priameho marketingu, prev\u00e1dzkovate\u013e \u010falej osobn\u00e9 \u00fadaje na \u00fa\u010del priameho marketingu nesmie sprac\u00fava\u0165. Dotknut\u00e1 osoba m\u00e1 pr\u00e1vo namieta\u0165 sprac\u00favanie osobn\u00fdch \u00fadajov, ktor\u00e9 sa jej t\u00fdkaj\u00fa, z d\u00f4vodov t\u00fdkaj\u00facich sa jej konkr\u00e9tnej situ\u00e1cie, okrem pr\u00edpadov, ke\u010f je sprac\u00favanie osobn\u00fdch \u00fadajov nevyhnutn\u00e9 na plnenie \u00falohy z d\u00f4vodov verejn\u00e9ho z\u00e1ujmu, ak sa osobn\u00e9 \u00fadaje sprac\u00favaj\u00fa na vedeck\u00fd \u00fa\u010del, na \u00fa\u010del historick\u00e9ho v\u00fdskumu alebo na \u0161tatistick\u00fd \u00fa\u010del pod\u013ea&nbsp;\u00a7 78 ods. 8.<\/p>\n\n\n\n<p>Od prev\u00e1dzkovate\u013ea taktie\u017e m\u00e1te pr\u00e1vo z\u00edska\u0165 Va\u0161e osobn\u00e9 \u00fadaje v&nbsp;\u0161trukt\u00farovanom, be\u017ene pou\u017e\u00edvanom a&nbsp;strojovo \u010ditate\u013enom form\u00e1te a&nbsp;takto z\u00edskan\u00e9 osobn\u00e9 \u00fadaje m\u00f4\u017eete pren\u00e1\u0161a\u0165 k&nbsp;in\u00e9mu prev\u00e1dzkovate\u013eovi. Va\u0161e osobn\u00e9 \u00fadaje V\u00e1m spr\u00edstupn\u00edme vo forme, akej si po\u017eiadate, naj\u010dastej\u0161ie v&nbsp;tabu\u013ekovej \u0161trukt\u00fare vo form\u00e1te PDF.<\/p>\n\n\n\n<p>Pre pr\u00edpady ot\u00e1zok alebo in\u00fdch dopytov nad r\u00e1mec uveden\u00fdch ot\u00e1zok a&nbsp;odpoved\u00ed alebo uplat\u0148ovania Va\u0161ich pr\u00e1v spojen\u00fdch s&nbsp;Va\u0161imi osobn\u00fdmi \u00fadajmi, m\u00f4\u017eete n\u00e1s kedyko\u013evek kontaktova\u0165 na na\u0161ich kontaktn\u00fdch \u00fadajoch, ktor\u00e9 s\u00fa uveden\u00e9 v&nbsp;odpovedi pod ot\u00e1zkou \u010d. 1.<\/p>\n\n\n\n<h2 class=\"wp-block-heading\">10. ot\u00e1zka: M\u00f4\u017eem svoj s\u00fahlas so sprac\u00favan\u00edm mojich osobn\u00fdch \u00fadajov kedyko\u013evek odvola\u0165?<\/h2>\n\n\n\n<p>Odpove\u010f: V&nbsp;tomto pr\u00edpade sa sprac\u00favanie Va\u0161ich osobn\u00fdch \u00fadajov deje na z\u00e1klade titulu uveden\u00e9ho v&nbsp;\u010dl. 6 bod 1. p\u00edsm. b) GDPR, \u010do je sprac\u00favanie nevyhnutn\u00e9 na \u00fa\u010dely plnenia zmluvy, teda ide o sprac\u00favanie plnen\u00edm zmluvy, kde je jednou zo zmluvn\u00fdch str\u00e1n prev\u00e1dzkovate\u013e a&nbsp;V\u00e1\u0161 s\u00fahlas na sprac\u00favanie nie je potrebn\u00fd a&nbsp;ani sa nez\u00edskava.<\/p>\n\n\n\n<h2 class=\"wp-block-heading\">11. ot\u00e1zka: M\u00f4\u017eem v\u00a0s\u00favislosti s\u00a0ochranou mojich osobn\u00fdch \u00fadajov poda\u0165 podnet alebo n\u00e1vrh na pr\u00edslu\u0161n\u00fd \u0161t\u00e1tny org\u00e1n, ktor\u00fd by preveril z\u00e1konnos\u0165 postupu prev\u00e1dzkovate\u013ea pri sprac\u00favan\u00ed mojich osobn\u00fdch \u00fadajov?<\/h2>\n\n\n\n<p>Odpove\u010f: \u00c1no, m\u00f4\u017eete poda\u0165 podnet na za\u010datie konania, ktor\u00fdm sa prever\u00ed, \u010di pri\u0161lo k&nbsp;poru\u0161eniu Va\u0161ich pr\u00e1v pri sprac\u00favan\u00ed Va\u0161ich osobn\u00fdch \u00fadajov alebo \u010di pri\u0161lo k&nbsp;poru\u0161eniu z\u00e1kona (z\u00e1kon NR SR \u010d. 18\/2018 Z. z.). N\u00e1vrh sa pod\u00e1va na \u00darad na ochranu osobn\u00fdch \u00fadajov, s\u00eddlom Hrani\u010dn\u00e1 12, 820 07 Bratislava, e-mail: <a href=\"mailto:statny.dozor@pdp.gov.sk\">statny.dozor@pdp.gov.sk<\/a>, tel.: 421 2 32 31 32 11.<\/p>\n\n\n\n<h2 class=\"wp-block-heading\">12. ot\u00e1zka:\u00a0Je poskytovanie osobn\u00fdch \u00fadajov v\u00a0tomto pr\u00edpade z\u00e1konnou alebo zmluvnou po\u017eiadavkou?\u00a0 Som povinn\u00fd moje osobn\u00e9 \u00fadaje poskytn\u00fa\u0165, a\u00a0ak\u00e9 s\u00fa n\u00e1sledky, ak ich neposkytnem?<\/h2>\n\n\n\n<p>Odpove\u010f: Vami poskytovan\u00e9 osobn\u00e9 \u00fadaje s\u00fa sprac\u00favan\u00e9 ako nevyhnutn\u00e1 s\u00fa\u010das\u0165 plnenia zmluvy, kde je prev\u00e1dzkovate\u013e jednou zo zmluvn\u00fdch str\u00e1n. Osobn\u00e9 \u00fadaje ste na tento \u00fa\u010del povinn\u00fd ako zmluvn\u00e1 strana poskytn\u00fa\u0165, bez ich poskytnutia a \u010fal\u0161ieho sprac\u00favania na ur\u010den\u00fd \u00fa\u010del prev\u00e1dzkovate\u013e nevie s&nbsp;Vami vytvori\u0165 dan\u00fd a&nbsp;po\u017eadovan\u00fd zmluvn\u00fd vz\u0165ah, nako\u013eko s\u00fa potrebn\u00e9 na evidenciu hotovostnej platby na \u00fa\u010dtovnom doklade.<\/p>\n\n\n\n<h2 class=\"wp-block-heading\">13. ot\u00e1zka: Vyu\u017e\u00edva alebo aplikuje prev\u00e1dzkovate\u013e automatizovan\u00e9 individu\u00e1lne rozhodovanie vr\u00e1tane profilovania?<\/h2>\n\n\n\n<p>Odpove\u010f: Nie, tieto formy a&nbsp;postupy pod\u013ea \u00a7 28 z\u00e1kona (z\u00e1kon NR SR \u010d. 18\/2018 Z. z.) prev\u00e1dzkovate\u013e neuplat\u0148uje a&nbsp;neaplikuje.<\/p>","protected":false},"excerpt":{"rendered":"<p>Z\u00e1kladn\u00e9 ot\u00e1zky v&nbsp;s\u00favislosti s&nbsp;poskytovan\u00edm Va\u0161ich osobn\u00fdch \u00fadajov prev\u00e1dzkovate\u013eovi- spolo\u010dnosti Leier Baustoffe SK s.r.o., s\u00eddlom Pribylinsk\u00e1 3, 831 04 Bratislava, I\u010cO: 35 890 509 1. ot\u00e1zka: Ak\u00e9 s\u00fa identifika\u010dn\u00e9 a\u00a0kontaktn\u00e9 \u00fadaje prev\u00e1dzkovate\u013ea? Odpove\u010f:&nbsp; Leier Baustoffe SK s.r.o., s\u00eddlom Pribylinsk\u00e1 3, 831 04 Bratislava, I\u010cO: 35&nbsp;890 509 Kontaktn\u00e9 \u00fadaje: e-mail: leier@leier.sk tel.: +421 2 431 91&nbsp;751 2. [&hellip;]<\/p>\n","protected":false},"author":1,"featured_media":0,"parent":0,"menu_order":0,"comment_status":"closed","ping_status":"closed","template":"","meta":{"footnotes":""},"class_list":["post-4008","page","type-page","status-publish","hentry"],"yoast_head":"<!-- This site is optimized with the Yoast SEO plugin v27.5 - https:\/\/yoast.com\/product\/yoast-seo-wordpress\/ -->\n<title>GDPR pou\u010denie pre z\u00e1kazn\u00edkov - predaj tovaru | Leier.sk<\/title>\n<meta name=\"robots\" content=\"index, follow, max-snippet:-1, max-image-preview:large, max-video-preview:-1\" \/>\n<link rel=\"canonical\" href=\"https:\/\/www.leier.sk\/en\/gdpr-poucenie-pre-zakaznikov-predaj-tovaru\/\" \/>\n<meta property=\"og:locale\" content=\"en_GB\" \/>\n<meta property=\"og:type\" content=\"article\" \/>\n<meta property=\"og:title\" content=\"GDPR pou\u010denie pre z\u00e1kazn\u00edkov - predaj tovaru | Leier.sk\" \/>\n<meta property=\"og:description\" content=\"Z\u00e1kladn\u00e9 ot\u00e1zky v&nbsp;s\u00favislosti s&nbsp;poskytovan\u00edm Va\u0161ich osobn\u00fdch \u00fadajov prev\u00e1dzkovate\u013eovi- spolo\u010dnosti Leier Baustoffe SK s.r.o., s\u00eddlom Pribylinsk\u00e1 3, 831 04 Bratislava, I\u010cO: 35 890 509 1. ot\u00e1zka: Ak\u00e9 s\u00fa identifika\u010dn\u00e9 a\u00a0kontaktn\u00e9 \u00fadaje prev\u00e1dzkovate\u013ea? Odpove\u010f:&nbsp; Leier Baustoffe SK s.r.o., s\u00eddlom Pribylinsk\u00e1 3, 831 04 Bratislava, I\u010cO: 35&nbsp;890 509 Kontaktn\u00e9 \u00fadaje: e-mail: leier@leier.sk tel.: +421 2 431 91&nbsp;751 2. [&hellip;]\" \/>\n<meta property=\"og:url\" content=\"https:\/\/www.leier.sk\/en\/gdpr-poucenie-pre-zakaznikov-predaj-tovaru\/\" \/>\n<meta property=\"og:site_name\" content=\"Leier.sk\" \/>\n<meta property=\"article:publisher\" content=\"https:\/\/www.facebook.com\/LeierSlovakia\/\" \/>\n<meta property=\"article:modified_time\" content=\"2025-02-04T14:43:55+00:00\" \/>\n<meta name=\"twitter:card\" content=\"summary_large_image\" \/>\n<meta name=\"twitter:label1\" content=\"Estimated reading time\" \/>\n\t<meta name=\"twitter:data1\" content=\"7 minutes\" \/>\n<script type=\"application\/ld+json\" class=\"yoast-schema-graph\">{\"@context\":\"https:\\\/\\\/schema.org\",\"@graph\":[{\"@type\":\"WebPage\",\"@id\":\"https:\\\/\\\/www.leier.sk\\\/gdpr-poucenie-pre-zakaznikov-predaj-tovaru\\\/\",\"url\":\"https:\\\/\\\/www.leier.sk\\\/gdpr-poucenie-pre-zakaznikov-predaj-tovaru\\\/\",\"name\":\"GDPR pou\u010denie pre z\u00e1kazn\u00edkov - predaj tovaru | Leier.sk\",\"isPartOf\":{\"@id\":\"https:\\\/\\\/www.leier.sk\\\/#website\"},\"datePublished\":\"2025-02-04T14:43:54+00:00\",\"dateModified\":\"2025-02-04T14:43:55+00:00\",\"breadcrumb\":{\"@id\":\"https:\\\/\\\/www.leier.sk\\\/gdpr-poucenie-pre-zakaznikov-predaj-tovaru\\\/#breadcrumb\"},\"inLanguage\":\"en-GB\",\"potentialAction\":[{\"@type\":\"ReadAction\",\"target\":[\"https:\\\/\\\/www.leier.sk\\\/gdpr-poucenie-pre-zakaznikov-predaj-tovaru\\\/\"]}]},{\"@type\":\"BreadcrumbList\",\"@id\":\"https:\\\/\\\/www.leier.sk\\\/gdpr-poucenie-pre-zakaznikov-predaj-tovaru\\\/#breadcrumb\",\"itemListElement\":[{\"@type\":\"ListItem\",\"position\":1,\"name\":\"Domov\",\"item\":\"https:\\\/\\\/www.leier.sk\\\/\"},{\"@type\":\"ListItem\",\"position\":2,\"name\":\"GDPR pou\u010denie pre z\u00e1kazn\u00edkov &#8211; predaj tovaru\"}]},{\"@type\":\"WebSite\",\"@id\":\"https:\\\/\\\/www.leier.sk\\\/#website\",\"url\":\"https:\\\/\\\/www.leier.sk\\\/\",\"name\":\"Leier.sk\",\"description\":\"V materi\u00e1loch sme doma\",\"publisher\":{\"@id\":\"https:\\\/\\\/www.leier.sk\\\/#organization\"},\"potentialAction\":[{\"@type\":\"SearchAction\",\"target\":{\"@type\":\"EntryPoint\",\"urlTemplate\":\"https:\\\/\\\/www.leier.sk\\\/?s={search_term_string}\"},\"query-input\":{\"@type\":\"PropertyValueSpecification\",\"valueRequired\":true,\"valueName\":\"search_term_string\"}}],\"inLanguage\":\"en-GB\"},{\"@type\":\"Organization\",\"@id\":\"https:\\\/\\\/www.leier.sk\\\/#organization\",\"name\":\"Leier\",\"url\":\"https:\\\/\\\/www.leier.sk\\\/\",\"logo\":{\"@type\":\"ImageObject\",\"inLanguage\":\"en-GB\",\"@id\":\"https:\\\/\\\/www.leier.sk\\\/#\\\/schema\\\/logo\\\/image\\\/\",\"url\":\"https:\\\/\\\/www.leier.sk\\\/wp-content\\\/uploads\\\/2022\\\/02\\\/logo-leier-inverse.png\",\"contentUrl\":\"https:\\\/\\\/www.leier.sk\\\/wp-content\\\/uploads\\\/2022\\\/02\\\/logo-leier-inverse.png\",\"width\":582,\"height\":179,\"caption\":\"Leier\"},\"image\":{\"@id\":\"https:\\\/\\\/www.leier.sk\\\/#\\\/schema\\\/logo\\\/image\\\/\"},\"sameAs\":[\"https:\\\/\\\/www.facebook.com\\\/LeierSlovakia\\\/\",\"https:\\\/\\\/www.youtube.com\\\/channel\\\/UC56YB_Knhf5YvAJK_Bk-hYg\"]}]}<\/script>\n<!-- \/ Yoast SEO plugin. -->","yoast_head_json":{"title":"GDPR pou\u010denie pre z\u00e1kazn\u00edkov - predaj tovaru | Leier.sk","robots":{"index":"index","follow":"follow","max-snippet":"max-snippet:-1","max-image-preview":"max-image-preview:large","max-video-preview":"max-video-preview:-1"},"canonical":"https:\/\/www.leier.sk\/en\/gdpr-poucenie-pre-zakaznikov-predaj-tovaru\/","og_locale":"en_GB","og_type":"article","og_title":"GDPR pou\u010denie pre z\u00e1kazn\u00edkov - predaj tovaru | Leier.sk","og_description":"Z\u00e1kladn\u00e9 ot\u00e1zky v&nbsp;s\u00favislosti s&nbsp;poskytovan\u00edm Va\u0161ich osobn\u00fdch \u00fadajov prev\u00e1dzkovate\u013eovi- spolo\u010dnosti Leier Baustoffe SK s.r.o., s\u00eddlom Pribylinsk\u00e1 3, 831 04 Bratislava, I\u010cO: 35 890 509 1. ot\u00e1zka: Ak\u00e9 s\u00fa identifika\u010dn\u00e9 a\u00a0kontaktn\u00e9 \u00fadaje prev\u00e1dzkovate\u013ea? Odpove\u010f:&nbsp; Leier Baustoffe SK s.r.o., s\u00eddlom Pribylinsk\u00e1 3, 831 04 Bratislava, I\u010cO: 35&nbsp;890 509 Kontaktn\u00e9 \u00fadaje: e-mail: leier@leier.sk tel.: +421 2 431 91&nbsp;751 2. [&hellip;]","og_url":"https:\/\/www.leier.sk\/en\/gdpr-poucenie-pre-zakaznikov-predaj-tovaru\/","og_site_name":"Leier.sk","article_publisher":"https:\/\/www.facebook.com\/LeierSlovakia\/","article_modified_time":"2025-02-04T14:43:55+00:00","twitter_card":"summary_large_image","twitter_misc":{"Estimated reading time":"7 minutes"},"schema":{"@context":"https:\/\/schema.org","@graph":[{"@type":"WebPage","@id":"https:\/\/www.leier.sk\/gdpr-poucenie-pre-zakaznikov-predaj-tovaru\/","url":"https:\/\/www.leier.sk\/gdpr-poucenie-pre-zakaznikov-predaj-tovaru\/","name":"GDPR pou\u010denie pre z\u00e1kazn\u00edkov - predaj tovaru | Leier.sk","isPartOf":{"@id":"https:\/\/www.leier.sk\/#website"},"datePublished":"2025-02-04T14:43:54+00:00","dateModified":"2025-02-04T14:43:55+00:00","breadcrumb":{"@id":"https:\/\/www.leier.sk\/gdpr-poucenie-pre-zakaznikov-predaj-tovaru\/#breadcrumb"},"inLanguage":"en-GB","potentialAction":[{"@type":"ReadAction","target":["https:\/\/www.leier.sk\/gdpr-poucenie-pre-zakaznikov-predaj-tovaru\/"]}]},{"@type":"BreadcrumbList","@id":"https:\/\/www.leier.sk\/gdpr-poucenie-pre-zakaznikov-predaj-tovaru\/#breadcrumb","itemListElement":[{"@type":"ListItem","position":1,"name":"Domov","item":"https:\/\/www.leier.sk\/"},{"@type":"ListItem","position":2,"name":"GDPR pou\u010denie pre z\u00e1kazn\u00edkov &#8211; predaj tovaru"}]},{"@type":"WebSite","@id":"https:\/\/www.leier.sk\/#website","url":"https:\/\/www.leier.sk\/","name":"Leier.sk","description":"V materi\u00e1loch sme doma","publisher":{"@id":"https:\/\/www.leier.sk\/#organization"},"potentialAction":[{"@type":"SearchAction","target":{"@type":"EntryPoint","urlTemplate":"https:\/\/www.leier.sk\/?s={search_term_string}"},"query-input":{"@type":"PropertyValueSpecification","valueRequired":true,"valueName":"search_term_string"}}],"inLanguage":"en-GB"},{"@type":"Organization","@id":"https:\/\/www.leier.sk\/#organization","name":"Leier","url":"https:\/\/www.leier.sk\/","logo":{"@type":"ImageObject","inLanguage":"en-GB","@id":"https:\/\/www.leier.sk\/#\/schema\/logo\/image\/","url":"https:\/\/www.leier.sk\/wp-content\/uploads\/2022\/02\/logo-leier-inverse.png","contentUrl":"https:\/\/www.leier.sk\/wp-content\/uploads\/2022\/02\/logo-leier-inverse.png","width":582,"height":179,"caption":"Leier"},"image":{"@id":"https:\/\/www.leier.sk\/#\/schema\/logo\/image\/"},"sameAs":["https:\/\/www.facebook.com\/LeierSlovakia\/","https:\/\/www.youtube.com\/channel\/UC56YB_Knhf5YvAJK_Bk-hYg"]}]}},"_links":{"self":[{"href":"https:\/\/www.leier.sk\/en\/wp-json\/wp\/v2\/pages\/4008","targetHints":{"allow":["GET"]}}],"collection":[{"href":"https:\/\/www.leier.sk\/en\/wp-json\/wp\/v2\/pages"}],"about":[{"href":"https:\/\/www.leier.sk\/en\/wp-json\/wp\/v2\/types\/page"}],"author":[{"embeddable":true,"href":"https:\/\/www.leier.sk\/en\/wp-json\/wp\/v2\/users\/1"}],"replies":[{"embeddable":true,"href":"https:\/\/www.leier.sk\/en\/wp-json\/wp\/v2\/comments?post=4008"}],"version-history":[{"count":1,"href":"https:\/\/www.leier.sk\/en\/wp-json\/wp\/v2\/pages\/4008\/revisions"}],"predecessor-version":[{"id":4009,"href":"https:\/\/www.leier.sk\/en\/wp-json\/wp\/v2\/pages\/4008\/revisions\/4009"}],"wp:attachment":[{"href":"https:\/\/www.leier.sk\/en\/wp-json\/wp\/v2\/media?parent=4008"}],"curies":[{"name":"wp","href":"https:\/\/api.w.org\/{rel}","templated":true}]}}